{"id":69,"date":"2011-09-02T12:35:37","date_gmt":"2011-09-02T12:35:37","guid":{"rendered":"http:\/\/mg-stsilvester.lexe.ch\/?page_id=69"},"modified":"2026-02-22T12:36:47","modified_gmt":"2026-02-22T12:36:47","slug":"jugendmusik","status":"publish","type":"page","link":"http:\/\/www.mg-stsilvester.ch\/?page_id=69","title":{"rendered":"Jugendmusik"},"content":{"rendered":"<p><strong>Wir sind die \u00abJungmusig Seiseoberlann\u00bb!\u00a0<\/strong><\/p>\n<p><strong><a href=\"http:\/\/www.mg-stsilvester.ch\/?attachment_id=659\" rel=\"attachment wp-att-659\"><img loading=\"lazy\" decoding=\"async\" class=\"aligncenter wp-image-659\" src=\"http:\/\/www.mg-stsilvester.ch\/wp-content\/uploads\/2019\/02\/Logo-Jungmusig.png\" alt=\"\" width=\"290\" height=\"182\" srcset=\"http:\/\/www.mg-stsilvester.ch\/wp-content\/uploads\/2019\/02\/Logo-Jungmusig.png 2000w, http:\/\/www.mg-stsilvester.ch\/wp-content\/uploads\/2019\/02\/Logo-Jungmusig-300x188.png 300w, http:\/\/www.mg-stsilvester.ch\/wp-content\/uploads\/2019\/02\/Logo-Jungmusig-768x482.png 768w, http:\/\/www.mg-stsilvester.ch\/wp-content\/uploads\/2019\/02\/Logo-Jungmusig-1024x642.png 1024w\" sizes=\"auto, (max-width: 290px) 100vw, 290px\" \/><\/a><\/strong><strong>\u00a0<\/strong>Die Jugendmusik besteht aus dem Nachwuchs der Oberl\u00e4nder Musikgesellschaften Br\u00fcnisried, Plaffeien, Plasselb, Rechthalten und St. Silvester.<\/p>\n<p>Unter der musikalischen Leitung von<br \/>\nKatja Br\u00fclhart und Celine Blanchard studieren die Kinder und Jugendlichen ein abwechslungsreiches Konzertprogramm ein.<\/p>\n<p><strong>M\u00f6chtest du uns live h\u00f6ren? Dann reserviere dir unbedingt folgende Daten: <\/strong><\/p>\n<ul>\n<li>Montag, 16.03.2026: 18:00 \u2013 19:30 \u00d6ffentliche Probe<\/li>\n<li>Samstag, 02.05.2026: Konzert in Plasselb<\/li>\n<li>Sonntag, 10.05.2026: Auftritt am Oberl\u00e4nder Musigfescht in Plaffeien<\/li>\n<li>Samstag, 13.06.2026: Auftritt am Jugendmusiktreffen in Gurmels<\/li>\n<\/ul>\n<p><strong>Hast du Interesse an einer Schnupperprobe? <\/strong><\/p>\n<p><strong>\u00a0<\/strong>Wir proben jeweils montags von 18.00 bis 19.30 Uhr.<\/p>\n<p>Melde dich doch einfach bei der \u00f6rtlichen Musikgesellschaft oder unter vorstand@jmso.ch f\u00fcr genauere Informationen.<\/p>\n<p>Wir freuen uns auf dich!<\/p>\n<p>&nbsp;<\/p>\n<p><a href=\"http:\/\/www.mg-stsilvester.ch\/wp-content\/uploads\/2026\/02\/Foto-Jugendmusik-25-26.jpg\"><img loading=\"lazy\" decoding=\"async\" class=\"aligncenter size-full wp-image-916\" src=\"http:\/\/www.mg-stsilvester.ch\/wp-content\/uploads\/2026\/02\/Foto-Jugendmusik-25-26.jpg\" alt=\"\" width=\"1920\" height=\"2560\" srcset=\"http:\/\/www.mg-stsilvester.ch\/wp-content\/uploads\/2026\/02\/Foto-Jugendmusik-25-26.jpg 1920w, http:\/\/www.mg-stsilvester.ch\/wp-content\/uploads\/2026\/02\/Foto-Jugendmusik-25-26-225x300.jpg 225w, http:\/\/www.mg-stsilvester.ch\/wp-content\/uploads\/2026\/02\/Foto-Jugendmusik-25-26-768x1024.jpg 768w, http:\/\/www.mg-stsilvester.ch\/wp-content\/uploads\/2026\/02\/Foto-Jugendmusik-25-26-1152x1536.jpg 1152w, http:\/\/www.mg-stsilvester.ch\/wp-content\/uploads\/2026\/02\/Foto-Jugendmusik-25-26-1536x2048.jpg 1536w\" sizes=\"auto, (max-width: 1920px) 100vw, 1920px\" \/><\/a><\/p>\n","protected":false},"excerpt":{"rendered":"<p>Wir sind die \u00abJungmusig Seiseoberlann\u00bb!\u00a0 \u00a0Die Jugendmusik besteht aus dem Nachwuchs der Oberl\u00e4nder Musikgesellschaften Br\u00fcnisried, Plaffeien, Plasselb, Rechthalten und St. Silvester. Unter der musikalischen Leitung von Katja Br\u00fclhart und Celine Blanchard studieren die Kinder und Jugendlichen ein abwechslungsreiches Konzertprogramm ein. &hellip; <a href=\"http:\/\/www.mg-stsilvester.ch\/?page_id=69\">Weiterlesen <span class=\"meta-nav\">&rarr;<\/span><\/a><\/p>\n","protected":false},"author":1,"featured_media":0,"parent":0,"menu_order":60,"comment_status":"open","ping_status":"closed","template":"","meta":{"footnotes":""},"class_list":["post-69","page","type-page","status-publish","hentry"],"_links":{"self":[{"href":"http:\/\/www.mg-stsilvester.ch\/index.php?rest_route=\/wp\/v2\/pages\/69","targetHints":{"allow":["GET"]}}],"collection":[{"href":"http:\/\/www.mg-stsilvester.ch\/index.php?rest_route=\/wp\/v2\/pages"}],"about":[{"href":"http:\/\/www.mg-stsilvester.ch\/index.php?rest_route=\/wp\/v2\/types\/page"}],"author":[{"embeddable":true,"href":"http:\/\/www.mg-stsilvester.ch\/index.php?rest_route=\/wp\/v2\/users\/1"}],"replies":[{"embeddable":true,"href":"http:\/\/www.mg-stsilvester.ch\/index.php?rest_route=%2Fwp%2Fv2%2Fcomments&post=69"}],"version-history":[{"count":29,"href":"http:\/\/www.mg-stsilvester.ch\/index.php?rest_route=\/wp\/v2\/pages\/69\/revisions"}],"predecessor-version":[{"id":918,"href":"http:\/\/www.mg-stsilvester.ch\/index.php?rest_route=\/wp\/v2\/pages\/69\/revisions\/918"}],"wp:attachment":[{"href":"http:\/\/www.mg-stsilvester.ch\/index.php?rest_route=%2Fwp%2Fv2%2Fmedia&parent=69"}],"curies":[{"name":"wp","href":"https:\/\/api.w.org\/{rel}","templated":true}]}}